{"id":7135,"date":"2026-04-30T08:15:25","date_gmt":"2026-04-30T07:15:25","guid":{"rendered":"https:\/\/festsaal.sc-v.de\/?post_type=tribe_events&#038;p=7135"},"modified":"2026-04-30T09:24:27","modified_gmt":"2026-04-30T08:24:27","slug":"yesterday-a-tribute-to-the-beatles","status":"publish","type":"tribe_events","link":"https:\/\/festsaal.sc-v.de\/?tribe_events=yesterday-a-tribute-to-the-beatles","title":{"rendered":"Yesterday &#8211; A Tribute to the Beatles"},"content":{"rendered":"<p><img decoding=\"async\" loading=\"lazy\" class=\"alignnone size-full wp-image-7138\" src=\"https:\/\/i0.wp.com\/festsaal.sc-v.de\/wp-content\/uploads\/2026\/04\/Reservix_Vorschaubild_300x300px_Yesterday.jpg?resize=300%2C300\" alt=\"\" width=\"300\" height=\"300\" srcset=\"https:\/\/i0.wp.com\/festsaal.sc-v.de\/wp-content\/uploads\/2026\/04\/Reservix_Vorschaubild_300x300px_Yesterday.jpg?w=300&amp;ssl=1 300w, https:\/\/i0.wp.com\/festsaal.sc-v.de\/wp-content\/uploads\/2026\/04\/Reservix_Vorschaubild_300x300px_Yesterday.jpg?resize=150%2C150&amp;ssl=1 150w, https:\/\/i0.wp.com\/festsaal.sc-v.de\/wp-content\/uploads\/2026\/04\/Reservix_Vorschaubild_300x300px_Yesterday.jpg?resize=100%2C100&amp;ssl=1 100w\" sizes=\"(max-width: 300px) 100vw, 300px\" data-recalc-dims=\"1\" \/><\/p>\n<p>Yesterday \u2013 A TRIBUTE TO THE BEATLES<br \/>\nperformed by the London West End Beatles<\/p>\n<p><img decoding=\"async\" loading=\"lazy\" class=\"alignnone size-medium wp-image-7141\" src=\"https:\/\/i0.wp.com\/festsaal.sc-v.de\/wp-content\/uploads\/2026\/04\/Yesterday_Pressefoto-2_Fotograf_Jan-Kocovski.jpg?resize=200%2C300\" alt=\"\" width=\"200\" height=\"300\" srcset=\"https:\/\/i0.wp.com\/festsaal.sc-v.de\/wp-content\/uploads\/2026\/04\/Yesterday_Pressefoto-2_Fotograf_Jan-Kocovski-scaled.jpg?resize=200%2C300&amp;ssl=1 200w, https:\/\/i0.wp.com\/festsaal.sc-v.de\/wp-content\/uploads\/2026\/04\/Yesterday_Pressefoto-2_Fotograf_Jan-Kocovski-scaled.jpg?resize=683%2C1024&amp;ssl=1 683w, https:\/\/i0.wp.com\/festsaal.sc-v.de\/wp-content\/uploads\/2026\/04\/Yesterday_Pressefoto-2_Fotograf_Jan-Kocovski-scaled.jpg?resize=768%2C1152&amp;ssl=1 768w, https:\/\/i0.wp.com\/festsaal.sc-v.de\/wp-content\/uploads\/2026\/04\/Yesterday_Pressefoto-2_Fotograf_Jan-Kocovski-scaled.jpg?resize=1024%2C1536&amp;ssl=1 1024w, https:\/\/i0.wp.com\/festsaal.sc-v.de\/wp-content\/uploads\/2026\/04\/Yesterday_Pressefoto-2_Fotograf_Jan-Kocovski-scaled.jpg?resize=1365%2C2048&amp;ssl=1 1365w, https:\/\/i0.wp.com\/festsaal.sc-v.de\/wp-content\/uploads\/2026\/04\/Yesterday_Pressefoto-2_Fotograf_Jan-Kocovski-scaled.jpg?w=1706&amp;ssl=1 1706w, https:\/\/i0.wp.com\/festsaal.sc-v.de\/wp-content\/uploads\/2026\/04\/Yesterday_Pressefoto-2_Fotograf_Jan-Kocovski-scaled.jpg?w=1575 1575w\" sizes=\"(max-width: 200px) 100vw, 200px\" data-recalc-dims=\"1\" \/><\/p>\n<p>Eine Show bringt die Beatles auf die B\u00fchne zur\u00fcck<br \/>\nKeine Band hat die Musikwelt so nachhaltig gepr\u00e4gt wie die Beatles. Ihre Popularit\u00e4t ist seit \u00fcber 50 Jahren ungebrochen. Die Show YESTERDAY &#8211; A TRIBUTE TO THE BEATLES bringt die \u201evier Liverpooler\u201c<br \/>\nendlich zur\u00fcck auf die B\u00fchne. Vier erstklassige Musiker aus Gro\u00dfbritannien, Frankreich und Deutschland verk\u00f6rpern John Lennon, Paul McCartney, George Harrison und Ringo Starr so authentisch, dass man sich in einem Konzert der wahren Beatles glaubt. Sie erobern die Herzen derFans in einem emotional packenden, mitrei\u00dfenden Fest der Freude. Mit Songs wie \u201eLet it be\u201c, \u201eHelp\u201c,<br \/>\n\u201ePenny Lane\u201c oder \u201eHey Jude\u201c drehen sie m\u00fchelos die Zeit zur\u00fcck. Wenn tausend Zuh\u00f6rer ihr \u201eYeah, yeah, yeah\u201c erwidern, ist der Zeitgeist der sechziger Jahre wach, dann liegt ein Hauch von Musik Revolution in der Luft.<\/p>\n<p><img decoding=\"async\" loading=\"lazy\" class=\"alignnone size-medium wp-image-7142\" src=\"https:\/\/i0.wp.com\/festsaal.sc-v.de\/wp-content\/uploads\/2026\/04\/Yesterday_Pressefoto-3_Fotograf_Jan-Kocovski.jpg?resize=300%2C169\" alt=\"\" width=\"300\" height=\"169\" srcset=\"https:\/\/i0.wp.com\/festsaal.sc-v.de\/wp-content\/uploads\/2026\/04\/Yesterday_Pressefoto-3_Fotograf_Jan-Kocovski.jpg?resize=300%2C169&amp;ssl=1 300w, https:\/\/i0.wp.com\/festsaal.sc-v.de\/wp-content\/uploads\/2026\/04\/Yesterday_Pressefoto-3_Fotograf_Jan-Kocovski.jpg?resize=1024%2C576&amp;ssl=1 1024w, https:\/\/i0.wp.com\/festsaal.sc-v.de\/wp-content\/uploads\/2026\/04\/Yesterday_Pressefoto-3_Fotograf_Jan-Kocovski.jpg?resize=768%2C432&amp;ssl=1 768w, https:\/\/i0.wp.com\/festsaal.sc-v.de\/wp-content\/uploads\/2026\/04\/Yesterday_Pressefoto-3_Fotograf_Jan-Kocovski.jpg?resize=1536%2C864&amp;ssl=1 1536w, https:\/\/i0.wp.com\/festsaal.sc-v.de\/wp-content\/uploads\/2026\/04\/Yesterday_Pressefoto-3_Fotograf_Jan-Kocovski.jpg?w=1837&amp;ssl=1 1837w\" sizes=\"(max-width: 300px) 100vw, 300px\" data-recalc-dims=\"1\" \/><\/p>\n<p><img decoding=\"async\" loading=\"lazy\" class=\"alignnone size-medium wp-image-7146\" src=\"https:\/\/i0.wp.com\/festsaal.sc-v.de\/wp-content\/uploads\/2026\/04\/Yesterday_Pressefoto-6_Fotograf_Jan-Kocovski.jpg?resize=300%2C200\" alt=\"\" width=\"300\" height=\"200\" srcset=\"https:\/\/i0.wp.com\/festsaal.sc-v.de\/wp-content\/uploads\/2026\/04\/Yesterday_Pressefoto-6_Fotograf_Jan-Kocovski-scaled.jpg?resize=300%2C200&amp;ssl=1 300w, https:\/\/i0.wp.com\/festsaal.sc-v.de\/wp-content\/uploads\/2026\/04\/Yesterday_Pressefoto-6_Fotograf_Jan-Kocovski-scaled.jpg?resize=1024%2C683&amp;ssl=1 1024w, https:\/\/i0.wp.com\/festsaal.sc-v.de\/wp-content\/uploads\/2026\/04\/Yesterday_Pressefoto-6_Fotograf_Jan-Kocovski-scaled.jpg?resize=768%2C512&amp;ssl=1 768w, https:\/\/i0.wp.com\/festsaal.sc-v.de\/wp-content\/uploads\/2026\/04\/Yesterday_Pressefoto-6_Fotograf_Jan-Kocovski-scaled.jpg?resize=1536%2C1024&amp;ssl=1 1536w, https:\/\/i0.wp.com\/festsaal.sc-v.de\/wp-content\/uploads\/2026\/04\/Yesterday_Pressefoto-6_Fotograf_Jan-Kocovski-scaled.jpg?resize=2048%2C1365&amp;ssl=1 2048w\" sizes=\"(max-width: 300px) 100vw, 300px\" data-recalc-dims=\"1\" \/><\/p>\n<p>Wechselnde Kost\u00fcme aus der Beatles-\u00c4ra, weltber\u00fchmte Songs auf originalgetreuen Instrumenten, t\u00e4uschend echte Stimmen \u2013 all das bietet YESTERDAY dem Publikum in einem \u00fcber zweist\u00fcndigen Konzerterlebnis.<\/p>\n<p><img decoding=\"async\" loading=\"lazy\" class=\"alignnone size-medium wp-image-7144\" src=\"https:\/\/i0.wp.com\/festsaal.sc-v.de\/wp-content\/uploads\/2026\/04\/Yesterday_Pressefoto-4_Fotograf_Jan-Kocovski.jpg?resize=300%2C200\" alt=\"\" width=\"300\" height=\"200\" srcset=\"https:\/\/i0.wp.com\/festsaal.sc-v.de\/wp-content\/uploads\/2026\/04\/Yesterday_Pressefoto-4_Fotograf_Jan-Kocovski-scaled.jpg?resize=300%2C200&amp;ssl=1 300w, https:\/\/i0.wp.com\/festsaal.sc-v.de\/wp-content\/uploads\/2026\/04\/Yesterday_Pressefoto-4_Fotograf_Jan-Kocovski-scaled.jpg?resize=1024%2C683&amp;ssl=1 1024w, https:\/\/i0.wp.com\/festsaal.sc-v.de\/wp-content\/uploads\/2026\/04\/Yesterday_Pressefoto-4_Fotograf_Jan-Kocovski-scaled.jpg?resize=768%2C512&amp;ssl=1 768w, https:\/\/i0.wp.com\/festsaal.sc-v.de\/wp-content\/uploads\/2026\/04\/Yesterday_Pressefoto-4_Fotograf_Jan-Kocovski-scaled.jpg?resize=1536%2C1024&amp;ssl=1 1536w, https:\/\/i0.wp.com\/festsaal.sc-v.de\/wp-content\/uploads\/2026\/04\/Yesterday_Pressefoto-4_Fotograf_Jan-Kocovski-scaled.jpg?resize=2048%2C1365&amp;ssl=1 2048w\" sizes=\"(max-width: 300px) 100vw, 300px\" data-recalc-dims=\"1\" \/><\/p>\n<p>AP Entertainment GmbH<br \/>\nGesch\u00e4ftsf\u00fchrer Alexander Platner<br \/>\nB\u00fcttnerstr. 10, 02826 G\u00f6rlitz<br \/>\nSteuernummer 207 105 00518<br \/>\nAmtsgericht Dresden HRB 31587<br \/>\nTelefon 03581 \u2013 410950<\/p>\n<p><img decoding=\"async\" loading=\"lazy\" class=\"alignnone size-medium wp-image-7145\" src=\"https:\/\/i0.wp.com\/festsaal.sc-v.de\/wp-content\/uploads\/2026\/04\/Yesterday_Pressefoto-5_Fotograf_Jan-Kocovski.jpg?resize=200%2C300\" alt=\"\" width=\"200\" height=\"300\" srcset=\"https:\/\/i0.wp.com\/festsaal.sc-v.de\/wp-content\/uploads\/2026\/04\/Yesterday_Pressefoto-5_Fotograf_Jan-Kocovski.jpg?resize=200%2C300&amp;ssl=1 200w, https:\/\/i0.wp.com\/festsaal.sc-v.de\/wp-content\/uploads\/2026\/04\/Yesterday_Pressefoto-5_Fotograf_Jan-Kocovski.jpg?resize=683%2C1024&amp;ssl=1 683w, https:\/\/i0.wp.com\/festsaal.sc-v.de\/wp-content\/uploads\/2026\/04\/Yesterday_Pressefoto-5_Fotograf_Jan-Kocovski.jpg?resize=768%2C1152&amp;ssl=1 768w, https:\/\/i0.wp.com\/festsaal.sc-v.de\/wp-content\/uploads\/2026\/04\/Yesterday_Pressefoto-5_Fotograf_Jan-Kocovski.jpg?resize=1024%2C1536&amp;ssl=1 1024w, https:\/\/i0.wp.com\/festsaal.sc-v.de\/wp-content\/uploads\/2026\/04\/Yesterday_Pressefoto-5_Fotograf_Jan-Kocovski.jpg?resize=1365%2C2048&amp;ssl=1 1365w, https:\/\/i0.wp.com\/festsaal.sc-v.de\/wp-content\/uploads\/2026\/04\/Yesterday_Pressefoto-5_Fotograf_Jan-Kocovski.jpg?w=1560&amp;ssl=1 1560w\" sizes=\"(max-width: 200px) 100vw, 200px\" data-recalc-dims=\"1\" \/><\/p>\n","protected":false},"excerpt":{"rendered":"<p>Yesterday \u2013 A TRIBUTE TO THE BEATLES performed by the London West End Beatles Eine Show bringt die Beatles auf die B\u00fchne zur\u00fcck Keine Band hat die Musikwelt so nachhaltig &hellip; <\/p>\n<p class=\"link-more\"><a href=\"https:\/\/festsaal.sc-v.de\/?tribe_events=yesterday-a-tribute-to-the-beatles\" class=\"more-link\"><span class=\"screen-reader-text\">\u201eYesterday &#8211; A Tribute to the Beatles\u201c<\/span> weiterlesen<\/a><\/p>\n","protected":false},"author":3,"featured_media":0,"comment_status":"closed","ping_status":"closed","template":"","meta":{"_tribe_events_status":"","_tribe_events_status_reason":""},"tags":[],"tribe_events_cat":[8],"jetpack_sharing_enabled":true,"_links":{"self":[{"href":"https:\/\/festsaal.sc-v.de\/index.php?rest_route=\/wp\/v2\/tribe_events\/7135"}],"collection":[{"href":"https:\/\/festsaal.sc-v.de\/index.php?rest_route=\/wp\/v2\/tribe_events"}],"about":[{"href":"https:\/\/festsaal.sc-v.de\/index.php?rest_route=\/wp\/v2\/types\/tribe_events"}],"author":[{"embeddable":true,"href":"https:\/\/festsaal.sc-v.de\/index.php?rest_route=\/wp\/v2\/users\/3"}],"replies":[{"embeddable":true,"href":"https:\/\/festsaal.sc-v.de\/index.php?rest_route=%2Fwp%2Fv2%2Fcomments&post=7135"}],"version-history":[{"count":3,"href":"https:\/\/festsaal.sc-v.de\/index.php?rest_route=\/wp\/v2\/tribe_events\/7135\/revisions"}],"predecessor-version":[{"id":7147,"href":"https:\/\/festsaal.sc-v.de\/index.php?rest_route=\/wp\/v2\/tribe_events\/7135\/revisions\/7147"}],"wp:attachment":[{"href":"https:\/\/festsaal.sc-v.de\/index.php?rest_route=%2Fwp%2Fv2%2Fmedia&parent=7135"}],"wp:term":[{"taxonomy":"post_tag","embeddable":true,"href":"https:\/\/festsaal.sc-v.de\/index.php?rest_route=%2Fwp%2Fv2%2Ftags&post=7135"},{"taxonomy":"tribe_events_cat","embeddable":true,"href":"https:\/\/festsaal.sc-v.de\/index.php?rest_route=%2Fwp%2Fv2%2Ftribe_events_cat&post=7135"}],"curies":[{"name":"wp","href":"https:\/\/api.w.org\/{rel}","templated":true}]}}