{"id":6978,"date":"2026-02-19T11:35:26","date_gmt":"2026-02-19T10:35:26","guid":{"rendered":"https:\/\/festsaal.sc-v.de\/?post_type=tribe_events&#038;p=6978"},"modified":"2026-04-01T09:20:38","modified_gmt":"2026-04-01T08:20:38","slug":"evil-dead-das-musical","status":"publish","type":"tribe_events","link":"https:\/\/festsaal.sc-v.de\/?tribe_events=evil-dead-das-musical","title":{"rendered":"Evil Dead &#8211; das Musical"},"content":{"rendered":"<p>EVIL DEAD &#8211; DAS MUSICAL vereint alle Elemente der Kultklassiker THE EVIL<\/p>\n<p>DEAD und EVIL DEAD 2 zu einem der verr\u00fccktesten, lustigsten und<\/p>\n<p>blutigsten Theatererlebnisse aller Zeiten.<\/p>\n<p><img decoding=\"async\" loading=\"lazy\" class=\"alignnone size-medium wp-image-6980\" src=\"https:\/\/i0.wp.com\/festsaal.sc-v.de\/wp-content\/uploads\/2026\/02\/Evil_Dead_quadrat.jpg?resize=300%2C300\" alt=\"\" width=\"300\" height=\"300\" srcset=\"https:\/\/i0.wp.com\/festsaal.sc-v.de\/wp-content\/uploads\/2026\/02\/Evil_Dead_quadrat.jpg?resize=300%2C300&amp;ssl=1 300w, https:\/\/i0.wp.com\/festsaal.sc-v.de\/wp-content\/uploads\/2026\/02\/Evil_Dead_quadrat.jpg?resize=150%2C150&amp;ssl=1 150w, https:\/\/i0.wp.com\/festsaal.sc-v.de\/wp-content\/uploads\/2026\/02\/Evil_Dead_quadrat.jpg?resize=100%2C100&amp;ssl=1 100w, https:\/\/i0.wp.com\/festsaal.sc-v.de\/wp-content\/uploads\/2026\/02\/Evil_Dead_quadrat.jpg?w=720&amp;ssl=1 720w\" sizes=\"(max-width: 300px) 100vw, 300px\" data-recalc-dims=\"1\" \/><\/p>\n<p>Buch und Gesangstexte von George Reinblatt.<\/p>\n<p>Musik von Frank Cipolla, Christopher Bond, Melissa Morris und George<\/p>\n<p>Reinblatt. Zus\u00e4tzliche Gesangstexte von Christopher Bond &#8211; Deutsch von Sandra Bell und Nik Raspotnik<\/p>\n<p>F\u00fcnf College-Studenten fahren zu einer verlassenen H\u00fctte im Wald und<\/p>\n<p>setzen dort versehentlich eine b\u00f6se Macht frei, die sie alle in D\u00e4monen<\/p>\n<p>verwandelt. Es liegt an Ash (einem Haushaltswarenangestellten, der zum<\/p>\n<p>d\u00e4monenkillenden Helden wird) und seiner treuen Kettens\u00e4ge, die Sache zu<\/p>\n<p>regeln. Blut flie\u00dft, Gliedma\u00dfen werden abgetrennt, D\u00e4monen erz\u00e4hlen<\/p>\n<p>schlechte Witze&#8230; und das alles zu Musik. Auch die Songs in der Show<\/p>\n<p>sind v\u00f6llig abgedreht.<\/p>\n<p>EVIL DEAD hat sich als B\u00fchnenmusical zu einer eigenen Kultsensation<\/p>\n<p>entwickelt. Am New Yorker Off-Broadway erstaufgef\u00fchrt, hat EVIL DEAD in<\/p>\n<p>Toronto Rekorde gebrochen, in Korea Preise gewonnen, drei Tourneen durch<\/p>\n<p>Nordamerika gestartet und wurde weltweit in \u00fcber 500 Produktionen<\/p>\n<p>aufgef\u00fchrt. Die Kritiker von der New York Times bis zu Fangoria<\/p>\n<p>verteilten Bestnoten. Und weil diese Show sowohl die Fans der Filme (von<\/p>\n<p>denen es eine Menge gibt) als auch ein Publikum anspricht, das sie als<\/p>\n<p>Musical liebt, waren die Theater, die EVIL DEAD auff\u00fchrten, von der<\/p>\n<p>Publikumsresonanz \u00fcberw\u00e4ltigt.<\/p>\n<p>Man muss kein Fan von EVIL DEAD sein, um dieses Musical zu lieben. Man<\/p>\n<p>muss kein Fan von Horror sein, um dieses Musical zu lieben. Man muss<\/p>\n<p>nicht einmal ein Fan von Musicals sein, um dieses Musical zu lieben. Ist<\/p>\n<p>es gruselig? Nein! Ist es blutig? Ja. Es ist pure Kom\u00f6die. Die Show<\/p>\n<p>macht sich \u00fcber das Horrorgenre lustig und spricht dabei ein breiteres<\/p>\n<p>Publikum an als die Filme.<\/p>\n<p>Ticketlink: <a href=\"https:\/\/www.eventim.de\/event\/evil-dead-das-musical-stadttheater-ingolstadt-20982252\/?affiliate=ET4\">https:\/\/www.eventim.de\/event\/evil-dead-das-musical-stadttheater-ingolstadt-20982252\/?affiliate=ET4<\/a><\/p>\n","protected":false},"excerpt":{"rendered":"<p>EVIL DEAD &#8211; DAS MUSICAL vereint alle Elemente der Kultklassiker THE EVIL DEAD und EVIL DEAD 2 zu einem der verr\u00fccktesten, lustigsten und blutigsten Theatererlebnisse aller Zeiten. Buch und Gesangstexte &hellip; <\/p>\n<p class=\"link-more\"><a href=\"https:\/\/festsaal.sc-v.de\/?tribe_events=evil-dead-das-musical\" class=\"more-link\"><span class=\"screen-reader-text\">\u201eEvil Dead &#8211; das Musical\u201c<\/span> weiterlesen<\/a><\/p>\n","protected":false},"author":3,"featured_media":0,"comment_status":"closed","ping_status":"closed","template":"","meta":{"_tribe_events_status":"","_tribe_events_status_reason":""},"tags":[],"tribe_events_cat":[8],"jetpack_sharing_enabled":true,"_links":{"self":[{"href":"https:\/\/festsaal.sc-v.de\/index.php?rest_route=\/wp\/v2\/tribe_events\/6978"}],"collection":[{"href":"https:\/\/festsaal.sc-v.de\/index.php?rest_route=\/wp\/v2\/tribe_events"}],"about":[{"href":"https:\/\/festsaal.sc-v.de\/index.php?rest_route=\/wp\/v2\/types\/tribe_events"}],"author":[{"embeddable":true,"href":"https:\/\/festsaal.sc-v.de\/index.php?rest_route=\/wp\/v2\/users\/3"}],"replies":[{"embeddable":true,"href":"https:\/\/festsaal.sc-v.de\/index.php?rest_route=%2Fwp%2Fv2%2Fcomments&post=6978"}],"version-history":[{"count":3,"href":"https:\/\/festsaal.sc-v.de\/index.php?rest_route=\/wp\/v2\/tribe_events\/6978\/revisions"}],"predecessor-version":[{"id":7102,"href":"https:\/\/festsaal.sc-v.de\/index.php?rest_route=\/wp\/v2\/tribe_events\/6978\/revisions\/7102"}],"wp:attachment":[{"href":"https:\/\/festsaal.sc-v.de\/index.php?rest_route=%2Fwp%2Fv2%2Fmedia&parent=6978"}],"wp:term":[{"taxonomy":"post_tag","embeddable":true,"href":"https:\/\/festsaal.sc-v.de\/index.php?rest_route=%2Fwp%2Fv2%2Ftags&post=6978"},{"taxonomy":"tribe_events_cat","embeddable":true,"href":"https:\/\/festsaal.sc-v.de\/index.php?rest_route=%2Fwp%2Fv2%2Ftribe_events_cat&post=6978"}],"curies":[{"name":"wp","href":"https:\/\/api.w.org\/{rel}","templated":true}]}}