{"id":28,"date":"2020-03-14T10:01:48","date_gmt":"2020-03-14T10:01:48","guid":{"rendered":"http:\/\/festsaal.sc-v.de\/?page_id=28"},"modified":"2020-03-14T10:01:48","modified_gmt":"2020-03-14T10:01:48","slug":"datenschutz","status":"publish","type":"page","link":"https:\/\/festsaal.sc-v.de\/?page_id=28","title":{"rendered":"Datenschutz"},"content":{"rendered":"\n<h2 class=\"wp-block-heading\">Protokollierung<\/h2>\n\n\n\n<p>Bei jedem Zugriff auf die Web-Sites der Stadt&nbsp;Ingolstadt werden f\u00fcr Zwecke der Datensicherheit die relevanten Zugriffsdaten gespeichert.<\/p>\n\n\n\n<p>Diese Protokolldatens\u00e4tze beinhalten unter anderem:<\/p>\n\n\n\n<ul><li>Client Hostnamen<\/li><li>Benutzernamen (nur bei passwortgesch\u00fctzten Bereichen)<\/li><li>Datum und Zeit<\/li><li>den Header des http-Protokolls<\/li><li>den an den Client \u00fcbermittelten http Status Code<\/li><li>Dateigr\u00f6\u00dfe des vom Client aufgerufenen Dokuments<\/li><\/ul>\n\n\n\n<p>Die gespeicherten Daten werden zum einen zu Zwecken der Identifikation und Nachverfolgung unzul\u00e4ssiger Zugriffsversuche und Zugriffe auf den Web-Server verwendet. Zum anderen werden die Daten f\u00fcr statistische Zwecke ausgewertet.<\/p>\n\n\n\n<h2 class=\"wp-block-heading\">Datenerhebung und Speicherung<\/h2>\n\n\n\n<p>Wir verwenden Ihre pers\u00f6nlichen Daten nur, um Ihnen den Zugang zu unseren registrierungs- bzw. kostenpflichtigen Diensten zu erm\u00f6glichen oder Dienstleistungen zu erbringen und abzurechnen. Ihre pers\u00f6nlichen Daten werden also ausschlie\u00dflich dem erforderlichen Umfang gem\u00e4\u00df abgefragt, verarbeitet, genutzt und auf einem Server der Stadt&nbsp;Ingolstadt gespeichert. Die Stadt&nbsp;Ingolstadt wird zu keinem Zeitpunkt und ohne Ihr ausdr\u00fcckliches Einverst\u00e4ndnis Ihre pers\u00f6nlichen Daten an Dritte weitergeben, es sei denn, die Stadt&nbsp;Ingolstadt ist dazu aufgrund gesetzlicher Vorschriften verpflichtet.<\/p>\n\n\n\n<h2 class=\"wp-block-heading\">Social Media und Social Plugins<\/h2>\n\n\n\n<p>Aufgrund der datenschutzrechtlichen Bedenklichkeit setzt die Stadt&nbsp;Ingolstadt auf ihren Seiten keine Social-Plugins, wie z.&nbsp;B. den Facebook Like-Button, ein. Beim Besuch einer Seite des Stadtportals werden damit keine Daten an Social Media Anbieter \u00fcbertragen. Verbindungen zu Social-Media-Anbietern werden nur per einfachem Link auf die jeweilige Webseite, wie etwa die Fanseite&nbsp;<a href=\"https:\/\/www.facebook.com\/StadttheaterIN\" target=\"_blank\" rel=\"noreferrer noopener\">www.facebook.com\/StadttheaterIN<\/a>&nbsp;angeboten.<\/p>\n\n\n\n<p>Die Nutzung des Like-Buttons oder entsprechender Funktionen auf den verlinkten Webseiten ist m\u00f6glich. Hierbei sollten die Datenschutzhinweise und die Einstellungsm\u00f6glichkeiten zum Schutz der Privatsph\u00e4re des jeweiligen Social-Media-Anbieters beachtet werden.<\/p>\n\n\n\n<h2 class=\"wp-block-heading\">Verwendung von Cookies<\/h2>\n\n\n\n<p>Cookies finden bei der Stadt Ingolstadt Anwendung. Cookies sind kleine Textdateien, um regelm\u00e4\u00dfig wiederkehrende Besucher auf Online-Angeboten zu identifizieren. Mit Hilfe dieser Cookies kann man analysieren, wie unsere Websites genutzt werden. Die Inhalte einzelner Sites k\u00f6nnen somit optimiert und auf die Bed\u00fcrfnisse unserer Nutzer abgestimmt werden. In keinem Fall werden jedoch personenbezogene Daten generiert, weitergegeben oder eine Verkn\u00fcpfung mit personenbezogenen Daten hergestellt. Wenn Sie die Vorteile der Cookies nicht f\u00fcr sich beanspruchen wollen, k\u00f6nnen diese sehr einfach auf Ihrem Browser deaktiviert werden. Beachten Sie in diesem Fall die Einstellungsm\u00f6glichkeiten Ihres Browsers.<\/p>\n\n\n\n<h1 class=\"wp-block-heading\">Datenschutzerkl\u00e4rung &#8211; Data Privacy Statement gem\u00e4\u00df Datenschutz-Grundverordnung (EU-DSGVO) subject to the regulations of the General Data Protection Regulation (GDPR)<\/h1>\n\n\n\n<h2 class=\"wp-block-heading\">Name und Anschrift der f\u00fcr die Verarbeitung Verantwortlichen (Art. 13 Abs. 1 Buchstabe a DSGVO)<\/h2>\n\n\n\n<p>Verantwortliche im Sinne der Datenschutz-Grundverordnung, sonstiger in den Mitgliedstaaten der Europ\u00e4ischen Union geltenden Datenschutzgesetze und anderer Bestimmungen mit datenschutzrechtlichem Charakter ist die Stadt Ingolstadt, Rathausplatz 4, 85049 Ingolstadt, Tel 0841\/305-0&nbsp;<a href=\"mailto:stadtverwaltung@ingolstadt.de\">stadtverwaltung@ingolstadt.de<\/a><\/p>\n\n\n\n<h2 class=\"wp-block-heading\">Kontaktdaten des beh\u00f6rdlichen Datenschutzbeauftragten (Art. 13 Abs. 1 Buchstabe b DSGVO)<\/h2>\n\n\n\n<p>Datenschutzbeauftragter Stadt Ingolstadt Stadt Ingolstadt, Rathausplatz 4, 85049 Ingolstadt&nbsp;<a href=\"mailto:datenschutz@ingolstadt.de\">datenschutz@ingolstadt.de<\/a><\/p>\n\n\n\n<h2 class=\"wp-block-heading\">Rechtsgrundlage&nbsp;von Datenverarbeitungsvorg\u00e4nge<\/h2>\n\n\n\n<p>Hat die Stadt Ingolstadt von Ihnen f\u00fcr einen bestimmten Verarbeitungszweck eine Einwilligung eingeholt, so dient Art. 6 Abs.1 Buchstabe a DSGVO als Rechtsgrundlage f\u00fcr Verarbeitungsvorg\u00e4nge.<br>Beruht die Datenverarbeitung auf einer rechtlichen Verpflichtung, der die f\u00fcr die Verarbeitung Verantwortliche unterliegt, so dient Art. 6 Abs.1 Buchstabe c) DSGVO als Rechtsgrundlage. Sind lebenswichtige Interessen ber\u00fchrt, ist Art. 6 Abs.1 Buchstabe d) einschl\u00e4gig.<br>Ist die Verarbeitung personenbezogener Daten zur Erf\u00fcllung eines Vertrags, dessen Vertragspartei die betreffende Person ist, erforderlich, so beruht die Verarbeitung auf Art. 6 Abs.1 Buchstabe b DSGVO. Dies gilt ebenso f\u00fcr Verarbeitungsvorg\u00e4nge, die zur Durchf\u00fchrung vorvertraglicher Ma\u00dfnahmen notwendig sind.<br>Ist die Verarbeitung zur Wahrung der berechtigten Interessen der Verantwortlichen oder eines Dritten erforderlich \u2013 und handelt es sich nicht um eine von Ihr in Erf\u00fcllung Ihrer Aufgabe als Beh\u00f6rde vorgenommene Verarbeitung \u2013 so ist Art. 6 Abs.1 Buchstabe b DSGVO einschl\u00e4gig. Dies gilt nicht, wenn die Interessen oder Grundrechte und Grundfreiheit der betroffenen Personen, die den Schutz personenbezogener Daten erfordern, \u00fcberwiegen, insbesondere dann, wenn es sich bei der betroffenen Person um ein Kind handelt.<\/p>\n\n\n\n<h2 class=\"wp-block-heading\">Newsletter-Versand (Information gem\u00e4\u00df&nbsp;Art. 13 DSGVO)<\/h2>\n\n\n\n<p>Wenn Sie unseren Newsletter bestellen, erheben wir dazu folgende Daten von Ihnen: Nachname, Vorname (freiwillige Angabe) und Ihre E-Mailadresse. Diese Daten werden nur zum Zweck des Versandes des Newsletters verarbeitet. Es erfolgt keine Verarbeitung f\u00fcr andere Zwecke und keine Weitergabe der Daten an Dritte.<\/p>\n\n\n\n<p>Einwilligung und Rechtsgrundlage: Wenn Sie den Newsletter bestellen, willigen Sie in die Datenverarbeitung zu dem obengenannten Zweck ein. Rechtsgrundlage f\u00fcr die Datenverarbeitung ist Art. 6 Abs. 1a EU-DSGVO.<\/p>\n\n\n\n<p>Widerruf und K\u00fcndigung des Newsletters: Ihre Einwilligung k\u00f6nnen Sie jederzeit widerrufen, ohne dass die Rechtm\u00e4\u00dfigkeit der aufgrund der Einwilligung bis zum Widerruf erfolgten Bearbeitung ber\u00fchrt wird. Die von Ihnen angegebenen Kontaktdaten werden solange gespeichert, wie das Newsletter Abonnement aktiv ist. Danach werden die Daten gel\u00f6scht. Das Abonnement des Newsletters kann durch Sie jederzeit gek\u00fcndigt werden. Zu diesem Zweck befindet sich in jedem Newsletter ein entsprechender Link.<\/p>\n\n\n\n<p>Abonnement unseres Newsletters: Auf unserer Internetseite wird den Benutzern die M\u00f6glichkeit einger\u00e4umt, einen oder mehrere Newsletter zu abonnieren. Als Newslettersystem wird das System kulturkurier.de der data kulturlink ag (Berlin) verwendet. Hierbei wird zur rechtssicheren und datenschutzkonformen Gestaltung das sog. double-optin Verfahren eingesetzt. Hierbei erh\u00e4lt der potentielle Empf\u00e4nger zun\u00e4chst eine E-Mail mit einem Best\u00e4tigungslink. Erst nach erfolgter Best\u00e4tigung wird die Adresse in den Verteiler aufgenommen. Die Einwilligung in die Speicherung Ihrer Daten sowie die Nutzung Ihrer Adresse f\u00fcr den Versand k\u00f6nnen Sie \u00fcber den \u201eAbmelden Link\u201c am Ende jedes Newsletters widerrufen. Weitere Informationen finden Sie hier:&nbsp;<a href=\"http:\/\/hilfe.kulturkurier.de\/kulturnewsletter\/\">http:\/\/hilfe.kulturkurier.de\/kulturnewsletter\/<\/a>&nbsp;Welche personenbezogenen Daten bei der Bestellung des Newsletters an den f\u00fcr die Verarbeitung Verantwortlichen \u00fcbermittelt werden, ergibt sich aus der hierzu verwendeten Eingabemaske. Bei der Anmeldung zum Newsletter speichern wir ferner die vom Internet-Service-Provider (ISP) vergebene IP-Adresse des von der betroffenen Person zum Zeitpunkt der Anmeldung verwendeten Computersystems sowie das Datum und die Uhrzeit der Anmeldung. Die Erhebung dieser Daten ist erforderlich, um den (m\u00f6glichen) Missbrauch der E-Mail-Adresse einer betroffenen Person zu einem sp\u00e4teren Zeitpunkt nachvollziehen zu k\u00f6nnen und dient deshalb der rechtlichen Absicherung des f\u00fcr die Verarbeitung Verantwortlichen. Die im Rahmen einer Anmeldung zum Newsletter erhobenen personenbezogenen Daten werden ausschlie\u00dflich zum Versand unseres Newsletters verwendet. Ferner k\u00f6nnten Abonnenten des Newsletters per E-Mail informiert werden, sofern dies f\u00fcr den Betrieb des Newsletter-Dienstes oder eine diesbez\u00fcgliche Registrierung erforderlich ist, wie dies im Falle von \u00c4nderungen am Newsletterangebot oder bei der Ver\u00e4nderung der technischen Gegebenheiten der Fall sein k\u00f6nnte. Es erfolgt keine Weitergabe der im Rahmen des Newsletter-Dienstes erhobenen personenbezogenen Daten an Dritte. F\u00fcr das Tracking von \u00d6ffnungs- und Klickraten setzen wir im Newsletter (nicht aber in den Systemmails zur An- und Abmelung) sog. tracking codes ein, um das \u00d6ffnen der Newsletter und das Aufrufen von Weblinks zu erfassen. Die Erfassung wird dabei in einer pseudoynmisierten Speicherung vorgenommen, indem wir alle pers\u00f6nlichen Daten (z.B. die E-Mail Adresse) durch eine Kennzahl (Pseudonym) ersetzen. Dadurch speichern wir keine pers\u00f6nlichen Daten zusammen mit den Nutzungsdaten wie der \u00d6ffnung der Newsletter oder das Aufrufen von Weblinks. Ferner ist sichergestellt, dass eine Zusammenf\u00fchrung dieser Daten auch sp\u00e4ter nicht erfolgen kann. Wenn Sie als Empf\u00e4nger diesem pseudoynmisierten tracking widersprechen m\u00f6chten, k\u00f6nnen Sie sich \u00fcber den opt-out link am Ende jedes Newsletters von der Liste austragen.<\/p>\n\n\n\n<h2 class=\"wp-block-heading\">E-Mail-Sicherheit<\/h2>\n\n\n\n<p>Bei Sendung einer E-Mail an die Stadt Ingolstadt wird die E-Mail-Adresse nur f\u00fcr die Korrespondenz mit der Absenderin bzw. dem Absender verwendet. Wir weisen darauf hin, dass E-Mails auf dem \u00dcbertragungsweg unbefugt und unbemerkt mitgelesen oder ver\u00e4ndert werden k\u00f6nnen.<\/p>\n\n\n\n<p>Wir k\u00f6nnen in der Regel auch Ihre Identit\u00e4t nicht \u00fcberpr\u00fcfen und wissen nicht, wer sich hinter einer E-Mail-Adresse verbirgt. Eine rechtssichere Kommunikation durch einfache E-Mail ist daher nicht gew\u00e4hrleistet. Wir setzen &#8211; wie viele E-Mail-Anbieter &#8211; Filter gegen unerw\u00fcnschte Werbung (\u201eSPAM-Filter\u201c) ein, die in seltenen F\u00e4llen auch normale E-Mails f\u00e4lschlicherweise automatisch als unerw\u00fcnschte Werbung einordnen und l\u00f6schen.<\/p>\n\n\n\n<h2 class=\"wp-block-heading\">Routinem\u00e4\u00dfige L\u00f6schung und Sperrung personenbezogener Daten<\/h2>\n\n\n\n<p>Die f\u00fcr die Verarbeitung Verantwortliche verarbeitet und speichert personenbezogene Daten der betroffenen Person nur f\u00fcr den Zeitraum, der zur Erreichung des jeweiligen Speicherungszwecks erforderlich ist oder sofern dies durch den Europ\u00e4ischen Richtlinien- und Verordnungsgeber oder einen anderen Gesetzgeber in Gesetzen oder Vorschriften, welcher die f\u00fcr die Verarbeitung Verantwortliche unterliegt, vorgesehen wurde.<br>Andernfalls werden die personenbezogenen Daten routinem\u00e4\u00dfig und entsprechend den gesetzlichen Vorschriften gesperrt oder gel\u00f6scht.<\/p>\n\n\n\n<h2 class=\"wp-block-heading\">Ihr Rechte<\/h2>\n\n\n\n<p>Auskunft: Sie haben im Rahmen geltenden Rechts uns gegen\u00fcber ein Auskunftsrecht \u00fcber die Sie betreffenden personenbezogenen Daten.<\/p>\n\n\n\n<p>Berichtigung: Sie k\u00f6nnen von uns verlangen, Ihre Daten zu berichtigen, wenn sie unrichtig sind.<\/p>\n\n\n\n<p>Vervollst\u00e4ndigung: Sie k\u00f6nnen von uns verlangen, Ihre Daten zu vervollst\u00e4ndigen, wenn sie unvollst\u00e4ndig sind.<\/p>\n\n\n\n<p>L\u00f6schung: Sie k\u00f6nnen von uns verlangen, Ihre Daten zu l\u00f6schen, wenn wir sie nicht mehr ben\u00f6tigen. Dies k\u00f6nnte insbesondere dann der Fall sein, wenn Sie einen bei der Stadt Ingolstadt gestellten Antrag zur\u00fccknehmen oder der Verarbeitung Ihrer Daten widersprechen. (\u201eRecht auf Vergessen werden\u201c)<\/p>\n\n\n\n<p>Einschr\u00e4nkung: Sie k\u00f6nnen von uns verlangen die Verarbeitung Ihrer Daten einzuschr\u00e4nken. Das k\u00f6nnen Sie insbesondere dann tun, wenn Sie verlangt haben, Ihre Daten zu berichtigen und noch nicht gekl\u00e4rt ist, ob die Daten tats\u00e4chlich unrichtig sind.<\/p>\n\n\n\n<p>Widerruf: Sie k\u00f6nnen Ihre Einwilligung in die Verarbeitung Ihrer Daten jederzeit widerrufen. Die Rechtm\u00e4\u00dfigkeit der aufgrund der Einwilligung bis zum Widerruf erfolgten Datenverarbeitung wird durch diesen nicht ber\u00fchrt.<\/p>\n\n\n\n<p>Beschwerde: Sie k\u00f6nnen sich \u00fcber uns beim Bayerischen Landesbeauftragten f\u00fcr den Datenschutz beschweren. F\u00fcr den Verantwortlichen ist die Aufsichtsbeh\u00f6rde der Bayerische Landesbeauftragte f\u00fcr den Datenschutz (BayLfD).<\/p>\n","protected":false},"excerpt":{"rendered":"<p>Protokollierung Bei jedem Zugriff auf die Web-Sites der Stadt&nbsp;Ingolstadt werden f\u00fcr Zwecke der Datensicherheit die relevanten Zugriffsdaten gespeichert. Diese Protokolldatens\u00e4tze beinhalten unter anderem: Client Hostnamen Benutzernamen (nur bei passwortgesch\u00fctzten Bereichen) &hellip; <\/p>\n<p class=\"link-more\"><a href=\"https:\/\/festsaal.sc-v.de\/?page_id=28\" class=\"more-link\"><span class=\"screen-reader-text\">\u201eDatenschutz\u201c<\/span> weiterlesen<\/a><\/p>\n","protected":false},"author":1,"featured_media":0,"parent":0,"menu_order":0,"comment_status":"closed","ping_status":"closed","template":"","meta":{"footnotes":""},"jetpack_sharing_enabled":true,"_links":{"self":[{"href":"https:\/\/festsaal.sc-v.de\/index.php?rest_route=\/wp\/v2\/pages\/28"}],"collection":[{"href":"https:\/\/festsaal.sc-v.de\/index.php?rest_route=\/wp\/v2\/pages"}],"about":[{"href":"https:\/\/festsaal.sc-v.de\/index.php?rest_route=\/wp\/v2\/types\/page"}],"author":[{"embeddable":true,"href":"https:\/\/festsaal.sc-v.de\/index.php?rest_route=\/wp\/v2\/users\/1"}],"replies":[{"embeddable":true,"href":"https:\/\/festsaal.sc-v.de\/index.php?rest_route=%2Fwp%2Fv2%2Fcomments&post=28"}],"version-history":[{"count":1,"href":"https:\/\/festsaal.sc-v.de\/index.php?rest_route=\/wp\/v2\/pages\/28\/revisions"}],"predecessor-version":[{"id":29,"href":"https:\/\/festsaal.sc-v.de\/index.php?rest_route=\/wp\/v2\/pages\/28\/revisions\/29"}],"wp:attachment":[{"href":"https:\/\/festsaal.sc-v.de\/index.php?rest_route=%2Fwp%2Fv2%2Fmedia&parent=28"}],"curies":[{"name":"wp","href":"https:\/\/api.w.org\/{rel}","templated":true}]}}